{"id":25119,"date":"2025-12-30T10:08:16","date_gmt":"2025-12-30T09:08:16","guid":{"rendered":"https:\/\/supernils.be\/?page_id=25119"},"modified":"2026-03-11T23:28:40","modified_gmt":"2026-03-11T22:28:40","slug":"compagnons","status":"publish","type":"page","link":"https:\/\/supernils.be\/fr\/compagnons\/","title":{"rendered":"041 \u2013 Compagnons"},"content":{"rendered":"<div data-elementor-type=\"wp-page\" data-elementor-id=\"25119\" class=\"elementor elementor-25119\" data-elementor-post-type=\"page\">\n\t\t\t\t<div class=\"elementor-element elementor-element-4c831b3 e-flex e-con-boxed e-con e-parent\" data-id=\"4c831b3\" data-element_type=\"container\" data-e-type=\"container\">\n\t\t\t\t\t<div class=\"e-con-inner\">\n\t\t\t\t<div class=\"elementor-element elementor-element-34d1e04 elementor-widget elementor-widget-spacer\" data-id=\"34d1e04\" data-element_type=\"widget\" data-e-type=\"widget\" data-widget_type=\"spacer.default\">\n\t\t\t\t<div class=\"elementor-widget-container\">\n\t\t\t\t\t\t\t<div class=\"elementor-spacer\">\n\t\t\t<div class=\"elementor-spacer-inner\"><\/div>\n\t\t<\/div>\n\t\t\t\t\t\t<\/div>\n\t\t\t\t<\/div>\n\t\t\t\t\t<\/div>\n\t\t\t\t<\/div>\n\t\t<div class=\"elementor-element elementor-element-28e6a4c e-grid e-con-full e-con e-parent\" data-id=\"28e6a4c\" data-element_type=\"container\" data-e-type=\"container\" data-settings=\"{&quot;background_background&quot;:&quot;classic&quot;,&quot;shape_divider_top&quot;:&quot;waves&quot;,&quot;shape_divider_bottom&quot;:&quot;waves&quot;}\">\n\t\t\t\t<div class=\"elementor-shape elementor-shape-top\" aria-hidden=\"true\" data-negative=\"false\">\n\t\t\t<svg xmlns=\"http:\/\/www.w3.org\/2000\/svg\" viewbox=\"0 0 1000 100\" preserveaspectratio=\"none\">\n\t<path class=\"elementor-shape-fill\" d=\"M421.9,6.5c22.6-2.5,51.5,0.4,75.5,5.3c23.6,4.9,70.9,23.5,100.5,35.7c75.8,32.2,133.7,44.5,192.6,49.7\tc23.6,2.1,48.7,3.5,103.4-2.5c54.7-6,106.2-25.6,106.2-25.6V0H0v30.3c0,0,72,32.6,158.4,30.5c39.2-0.7,92.8-6.7,134-22.4\tc21.2-8.1,52.2-18.2,79.7-24.2C399.3,7.9,411.6,7.5,421.9,6.5z\"\/>\n<\/svg>\t\t<\/div>\n\t\t\t\t<div class=\"elementor-shape elementor-shape-bottom\" aria-hidden=\"true\" data-negative=\"false\">\n\t\t\t<svg xmlns=\"http:\/\/www.w3.org\/2000\/svg\" viewbox=\"0 0 1000 100\" preserveaspectratio=\"none\">\n\t<path class=\"elementor-shape-fill\" d=\"M421.9,6.5c22.6-2.5,51.5,0.4,75.5,5.3c23.6,4.9,70.9,23.5,100.5,35.7c75.8,32.2,133.7,44.5,192.6,49.7\tc23.6,2.1,48.7,3.5,103.4-2.5c54.7-6,106.2-25.6,106.2-25.6V0H0v30.3c0,0,72,32.6,158.4,30.5c39.2-0.7,92.8-6.7,134-22.4\tc21.2-8.1,52.2-18.2,79.7-24.2C399.3,7.9,411.6,7.5,421.9,6.5z\"\/>\n<\/svg>\t\t<\/div>\n\t\t\t\t<div class=\"elementor-element elementor-element-7e7e961 elementor-widget elementor-widget-heading\" data-id=\"7e7e961\" data-element_type=\"widget\" data-e-type=\"widget\" data-widget_type=\"heading.default\">\n\t\t\t\t<div class=\"elementor-widget-container\">\n\t\t\t\t\t<h2 class=\"elementor-heading-title elementor-size-default\">Rencontrez nos Hero-Builders<\/h2>\t\t\t\t<\/div>\n\t\t\t\t<\/div>\n\t\t\t\t<div class=\"elementor-element elementor-element-2f97d57 elementor-widget elementor-widget-image\" data-id=\"2f97d57\" data-element_type=\"widget\" data-e-type=\"widget\" data-widget_type=\"image.default\">\n\t\t\t\t<div class=\"elementor-widget-container\">\n\t\t\t\t\t\t\t\t\t\t\t\t\t\t\t<img fetchpriority=\"high\" decoding=\"async\" width=\"703\" height=\"1054\" src=\"https:\/\/supernils.be\/wp-content\/uploads\/2026\/03\/62827213-cefd-463d-b232-4d1b4517def1-703x1054.png\" class=\"attachment-large size-large wp-image-26378\" alt=\"\" srcset=\"https:\/\/supernils.be\/wp-content\/uploads\/2026\/03\/62827213-cefd-463d-b232-4d1b4517def1-703x1054.png 703w, https:\/\/supernils.be\/wp-content\/uploads\/2026\/03\/62827213-cefd-463d-b232-4d1b4517def1-200x300.png 200w, https:\/\/supernils.be\/wp-content\/uploads\/2026\/03\/62827213-cefd-463d-b232-4d1b4517def1-768x1152.png 768w, https:\/\/supernils.be\/wp-content\/uploads\/2026\/03\/62827213-cefd-463d-b232-4d1b4517def1-8x12.png 8w, https:\/\/supernils.be\/wp-content\/uploads\/2026\/03\/62827213-cefd-463d-b232-4d1b4517def1-299x449.png 299w, https:\/\/supernils.be\/wp-content\/uploads\/2026\/03\/62827213-cefd-463d-b232-4d1b4517def1-572x858.png 572w, https:\/\/supernils.be\/wp-content\/uploads\/2026\/03\/62827213-cefd-463d-b232-4d1b4517def1.png 1024w\" sizes=\"(max-width: 703px) 100vw, 703px\" \/>\t\t\t\t\t\t\t\t\t\t\t\t\t\t\t<\/div>\n\t\t\t\t<\/div>\n\t\t\t\t<\/div>\n\t\t<div class=\"elementor-element elementor-element-ff73463 e-flex e-con-boxed e-con e-parent\" data-id=\"ff73463\" data-element_type=\"container\" data-e-type=\"container\">\n\t\t\t\t\t<div class=\"e-con-inner\">\n\t\t\t\t<div class=\"elementor-element elementor-element-f47f43c elementor-widget elementor-widget-spacer\" data-id=\"f47f43c\" data-element_type=\"widget\" data-e-type=\"widget\" data-widget_type=\"spacer.default\">\n\t\t\t\t<div class=\"elementor-widget-container\">\n\t\t\t\t\t\t\t<div class=\"elementor-spacer\">\n\t\t\t<div class=\"elementor-spacer-inner\"><\/div>\n\t\t<\/div>\n\t\t\t\t\t\t<\/div>\n\t\t\t\t<\/div>\n\t\t\t\t\t<\/div>\n\t\t\t\t<\/div>\n\t\t<div class=\"elementor-element elementor-element-2527c6c e-grid e-con-full e-con e-parent\" data-id=\"2527c6c\" data-element_type=\"container\" data-e-type=\"container\">\n\t\t<div class=\"elementor-element elementor-element-415d58b e-flex e-con-boxed e-con e-child\" data-id=\"415d58b\" data-element_type=\"container\" data-e-type=\"container\">\n\t\t\t\t\t<div class=\"e-con-inner\">\n\t\t\t\t\t<\/div>\n\t\t\t\t<\/div>\n\t\t\t\t<div class=\"elementor-element elementor-element-b8a5386 elementor-widget elementor-widget-text-editor\" data-id=\"b8a5386\" data-element_type=\"widget\" data-e-type=\"widget\" data-widget_type=\"text-editor.default\">\n\t\t\t\t<div class=\"elementor-widget-container\">\n\t\t\t\t\t\t\t\t\t<p>Mais seul, on est seul\u2026 Sans un r\u00e9seau solide, on n'arrive \u00e0 rien. C'est pourquoi l'asbl SuperNils s'entoure de partenaires solides et professionnels., <strong>Constructeurs de h\u00e9ros<\/strong>, qui peuvent chacun apporter une valeur ajout\u00e9e au fonctionnement de l'organisation.<\/p><p>Cette page vous pr\u00e9sente ces h\u00e9ros. Nous vous expliquons bri\u00e8vement ce qu'ils repr\u00e9sentent pour nous et, en cliquant sur l'image, vous acc\u00e9derez \u00e0 leur site web et obtiendrez plus d'informations \u00e0 leur sujet.<\/p><p>Sans ces partenaires, l'asbl SuperNils ne serait pas l\u00e0 o\u00f9 elle en est aujourd'hui. Sans eux, nous n'aurions pas pu r\u00e9aliser nos projets et apporter notre soutien si important aux enfants et aux adolescents atteints d'un cancer. C'est pourquoi... UN GRAND MERCI !!!<\/p>\t\t\t\t\t\t\t\t<\/div>\n\t\t\t\t<\/div>\n\t\t\t\t<\/div>\n\t\t<div class=\"elementor-element elementor-element-09af42c e-flex e-con-boxed e-con e-parent\" data-id=\"09af42c\" data-element_type=\"container\" data-e-type=\"container\">\n\t\t\t\t\t<div class=\"e-con-inner\">\n\t\t\t\t<div class=\"elementor-element elementor-element-907998e elementor-widget elementor-widget-spacer\" data-id=\"907998e\" data-element_type=\"widget\" data-e-type=\"widget\" data-widget_type=\"spacer.default\">\n\t\t\t\t<div class=\"elementor-widget-container\">\n\t\t\t\t\t\t\t<div class=\"elementor-spacer\">\n\t\t\t<div class=\"elementor-spacer-inner\"><\/div>\n\t\t<\/div>\n\t\t\t\t\t\t<\/div>\n\t\t\t\t<\/div>\n\t\t\t\t\t<\/div>\n\t\t\t\t<\/div>\n\t\t<div class=\"elementor-element elementor-element-1114835 e-con-full e-flex e-con e-parent\" data-id=\"1114835\" data-element_type=\"container\" data-e-type=\"container\" data-settings=\"{&quot;background_background&quot;:&quot;classic&quot;,&quot;shape_divider_top&quot;:&quot;waves&quot;,&quot;shape_divider_bottom&quot;:&quot;waves&quot;}\">\n\t\t\t\t<div class=\"elementor-shape elementor-shape-top\" aria-hidden=\"true\" data-negative=\"false\">\n\t\t\t<svg xmlns=\"http:\/\/www.w3.org\/2000\/svg\" viewbox=\"0 0 1000 100\" preserveaspectratio=\"none\">\n\t<path class=\"elementor-shape-fill\" d=\"M421.9,6.5c22.6-2.5,51.5,0.4,75.5,5.3c23.6,4.9,70.9,23.5,100.5,35.7c75.8,32.2,133.7,44.5,192.6,49.7\tc23.6,2.1,48.7,3.5,103.4-2.5c54.7-6,106.2-25.6,106.2-25.6V0H0v30.3c0,0,72,32.6,158.4,30.5c39.2-0.7,92.8-6.7,134-22.4\tc21.2-8.1,52.2-18.2,79.7-24.2C399.3,7.9,411.6,7.5,421.9,6.5z\"\/>\n<\/svg>\t\t<\/div>\n\t\t\t\t<div class=\"elementor-shape elementor-shape-bottom\" aria-hidden=\"true\" data-negative=\"false\">\n\t\t\t<svg xmlns=\"http:\/\/www.w3.org\/2000\/svg\" viewbox=\"0 0 1000 100\" preserveaspectratio=\"none\">\n\t<path class=\"elementor-shape-fill\" d=\"M421.9,6.5c22.6-2.5,51.5,0.4,75.5,5.3c23.6,4.9,70.9,23.5,100.5,35.7c75.8,32.2,133.7,44.5,192.6,49.7\tc23.6,2.1,48.7,3.5,103.4-2.5c54.7-6,106.2-25.6,106.2-25.6V0H0v30.3c0,0,72,32.6,158.4,30.5c39.2-0.7,92.8-6.7,134-22.4\tc21.2-8.1,52.2-18.2,79.7-24.2C399.3,7.9,411.6,7.5,421.9,6.5z\"\/>\n<\/svg>\t\t<\/div>\n\t\t\t\t<div class=\"elementor-element elementor-element-7752347 elementor-widget elementor-widget-heading\" data-id=\"7752347\" data-element_type=\"widget\" data-e-type=\"widget\" data-widget_type=\"heading.default\">\n\t\t\t\t<div class=\"elementor-widget-container\">\n\t\t\t\t\t<h2 class=\"elementor-heading-title elementor-size-default\"><br>Pr\u00e9sentation \"Hero-Builders\" (Les b\u00e2tisseurs de h\u00e9ros)\"<br><\/h2>\t\t\t\t<\/div>\n\t\t\t\t<\/div>\n\t\t\t\t<\/div>\n\t\t<div class=\"elementor-element elementor-element-987acef e-flex e-con-boxed e-con e-parent\" data-id=\"987acef\" data-element_type=\"container\" data-e-type=\"container\">\n\t\t\t\t\t<div class=\"e-con-inner\">\n\t\t\t\t<div class=\"elementor-element elementor-element-6344e13 elementor-widget elementor-widget-spacer\" data-id=\"6344e13\" data-element_type=\"widget\" data-e-type=\"widget\" data-widget_type=\"spacer.default\">\n\t\t\t\t<div class=\"elementor-widget-container\">\n\t\t\t\t\t\t\t<div class=\"elementor-spacer\">\n\t\t\t<div class=\"elementor-spacer-inner\"><\/div>\n\t\t<\/div>\n\t\t\t\t\t\t<\/div>\n\t\t\t\t<\/div>\n\t\t\t\t\t<\/div>\n\t\t\t\t<\/div>\n\t\t<div class=\"elementor-element elementor-element-da3e18f e-grid e-con-full e-con e-parent\" data-id=\"da3e18f\" data-element_type=\"container\" data-e-type=\"container\">\n\t\t\t\t<div class=\"elementor-element elementor-element-71684e3 elementor-widget elementor-widget-image\" data-id=\"71684e3\" data-element_type=\"widget\" data-e-type=\"widget\" data-widget_type=\"image.default\">\n\t\t\t\t<div class=\"elementor-widget-container\">\n\t\t\t\t\t\t\t\t\t\t\t\t\t\t\t\t<a href=\"https:\/\/lukiart.be\/\">\n\t\t\t\t\t\t\t<img decoding=\"async\" width=\"800\" height=\"564\" src=\"https:\/\/supernils.be\/wp-content\/uploads\/2024\/09\/OK-001-Lukiart_flyer-12plus-1054x743.webp\" class=\"attachment-large size-large wp-image-16251\" alt=\"\" srcset=\"https:\/\/supernils.be\/wp-content\/uploads\/2024\/09\/OK-001-Lukiart_flyer-12plus-1054x743.webp 1054w, https:\/\/supernils.be\/wp-content\/uploads\/2024\/09\/OK-001-Lukiart_flyer-12plus-300x212.webp 300w, https:\/\/supernils.be\/wp-content\/uploads\/2024\/09\/OK-001-Lukiart_flyer-12plus-768x541.webp 768w, https:\/\/supernils.be\/wp-content\/uploads\/2024\/09\/OK-001-Lukiart_flyer-12plus-18x12.webp 18w, https:\/\/supernils.be\/wp-content\/uploads\/2024\/09\/OK-001-Lukiart_flyer-12plus-299x211.webp 299w, https:\/\/supernils.be\/wp-content\/uploads\/2024\/09\/OK-001-Lukiart_flyer-12plus-572x403.webp 572w, https:\/\/supernils.be\/wp-content\/uploads\/2024\/09\/OK-001-Lukiart_flyer-12plus.webp 1200w\" sizes=\"(max-width: 800px) 100vw, 800px\" \/>\t\t\t\t\t\t\t\t<\/a>\n\t\t\t\t\t\t\t\t\t\t\t\t\t\t\t<\/div>\n\t\t\t\t<\/div>\n\t\t<div class=\"elementor-element elementor-element-c6cf7c7 e-flex e-con-boxed e-con e-child\" data-id=\"c6cf7c7\" data-element_type=\"container\" data-e-type=\"container\">\n\t\t\t\t\t<div class=\"e-con-inner\">\n\t\t\t\t<div class=\"elementor-element elementor-element-3bd426d elementor-widget elementor-widget-heading\" data-id=\"3bd426d\" data-element_type=\"widget\" data-e-type=\"widget\" data-widget_type=\"heading.default\">\n\t\t\t\t<div class=\"elementor-widget-container\">\n\t\t\t\t\t<h2 class=\"elementor-heading-title elementor-size-default\">LukiArt asbl<\/h2>\t\t\t\t<\/div>\n\t\t\t\t<\/div>\n\t\t\t\t<div class=\"elementor-element elementor-element-a4594fd elementor-widget elementor-widget-text-editor\" data-id=\"a4594fd\" data-element_type=\"widget\" data-e-type=\"widget\" data-widget_type=\"text-editor.default\">\n\t\t\t\t<div class=\"elementor-widget-container\">\n\t\t\t\t\t\t\t\t\t<p>LukiArt vzw est une organisation tr\u00e8s cr\u00e9ative qui s'occupe \u201c d'art sur mesure pour les enfants malades \u201d. Elle organise des ateliers et des stages dans ses locaux \u00e0 Sint-Martens-Latem, mais aussi au domicile des enfants malades ou \u00e0 l'h\u00f4pital. Elle a d\u00e9velopp\u00e9 sp\u00e9cialement pour nous un <b>bo\u00eete \u00e0 bijoux<\/b> avec toutes sortes de mat\u00e9riaux durables, gr\u00e2ce auxquels les enfants peuvent cr\u00e9er un <b>talisman<\/b> . Ce porte-bonheur doit leur donner la force de lutter contre leur maladie. Leur artiste maison, Nils, a r\u00e9alis\u00e9 les vid\u00e9os qui accompagnent le <b>Atelier de croquis SuperNils<\/b>. Il apprend aux patients \u00e0 dessiner et \u00e0 esquisser des personnages afin qu'ils puissent cr\u00e9er leurs propres \u0153uvres d'art. LuKiArt participe d\u00e9sormais \u00e0 notre nouveau projet \u201c<b>Studio en ligne SuperNils<\/b>\u201c.<\/p>\t\t\t\t\t\t\t\t<\/div>\n\t\t\t\t<\/div>\n\t\t\t\t\t<\/div>\n\t\t\t\t<\/div>\n\t\t\t\t<div class=\"elementor-element elementor-element-73115c4 elementor-widget elementor-widget-image\" data-id=\"73115c4\" data-element_type=\"widget\" data-e-type=\"widget\" data-widget_type=\"image.default\">\n\t\t\t\t<div class=\"elementor-widget-container\">\n\t\t\t\t\t\t\t\t\t\t\t\t\t\t\t\t<a href=\"https:\/\/www.lostenco.be\/\">\n\t\t\t\t\t\t\t<img decoding=\"async\" width=\"800\" height=\"600\" src=\"https:\/\/supernils.be\/wp-content\/uploads\/2024\/09\/OK-001-6391e929dc1fc5cb866f4386_soeppakket-website-def-regendansje.jpg\" class=\"attachment-large size-large wp-image-15723\" alt=\"\" srcset=\"https:\/\/supernils.be\/wp-content\/uploads\/2024\/09\/OK-001-6391e929dc1fc5cb866f4386_soeppakket-website-def-regendansje.jpg 1024w, https:\/\/supernils.be\/wp-content\/uploads\/2024\/09\/OK-001-6391e929dc1fc5cb866f4386_soeppakket-website-def-regendansje-300x225.jpg 300w, https:\/\/supernils.be\/wp-content\/uploads\/2024\/09\/OK-001-6391e929dc1fc5cb866f4386_soeppakket-website-def-regendansje-768x576.jpg 768w, https:\/\/supernils.be\/wp-content\/uploads\/2024\/09\/OK-001-6391e929dc1fc5cb866f4386_soeppakket-website-def-regendansje-16x12.jpg 16w, https:\/\/supernils.be\/wp-content\/uploads\/2024\/09\/OK-001-6391e929dc1fc5cb866f4386_soeppakket-website-def-regendansje-299x224.jpg 299w, https:\/\/supernils.be\/wp-content\/uploads\/2024\/09\/OK-001-6391e929dc1fc5cb866f4386_soeppakket-website-def-regendansje-572x429.jpg 572w\" sizes=\"(max-width: 800px) 100vw, 800px\" \/>\t\t\t\t\t\t\t\t<\/a>\n\t\t\t\t\t\t\t\t\t\t\t\t\t\t\t<\/div>\n\t\t\t\t<\/div>\n\t\t<div class=\"elementor-element elementor-element-3328710 e-flex e-con-boxed e-con e-child\" data-id=\"3328710\" data-element_type=\"container\" data-e-type=\"container\">\n\t\t\t\t\t<div class=\"e-con-inner\">\n\t\t\t\t<div class=\"elementor-element elementor-element-8b2341f elementor-widget elementor-widget-heading\" data-id=\"8b2341f\" data-element_type=\"widget\" data-e-type=\"widget\" data-widget_type=\"heading.default\">\n\t\t\t\t<div class=\"elementor-widget-container\">\n\t\t\t\t\t<h2 class=\"elementor-heading-title elementor-size-default\">Lost &amp; Co asbl<\/h2>\t\t\t\t<\/div>\n\t\t\t\t<\/div>\n\t\t\t\t<div class=\"elementor-element elementor-element-ca45196 elementor-widget elementor-widget-text-editor\" data-id=\"ca45196\" data-element_type=\"widget\" data-e-type=\"widget\" data-widget_type=\"text-editor.default\">\n\t\t\t\t<div class=\"elementor-widget-container\">\n\t\t\t\t\t\t\t\t\t<p>Tout le monde est un jour confront\u00e9 \u00e0 la perte d'un \u00eatre cher ou \u00e0 la perte de sa sant\u00e9. L'asbl Lost &amp; Co ne souhaite pas occulter ces pertes, mais rend les r\u00e9cits de perte visibles et discutables, et invite tout le monde \u00e0 y participer. Parler aide en effet \u00e0 surmonter une perte. L'asbl Lost &amp; Co aide SuperNils \u00e0 <strong>formations<\/strong> aux enseignants confront\u00e9s au cancer dans leur classe. Comment aborder le sujet de la perte dans une classe ? Que dire et que taire ? Les enseignants re\u00e7oivent un dossier d'information afin d'\u00e9laborer eux-m\u00eames une politique scolaire en mati\u00e8re de deuil et de perte. Car mieux vaut \u00eatre pr\u00e9par\u00e9 \u00e0 ce que l'on pr\u00e9f\u00e8re ne pas vivre...<\/p>\t\t\t\t\t\t\t\t<\/div>\n\t\t\t\t<\/div>\n\t\t\t\t\t<\/div>\n\t\t\t\t<\/div>\n\t\t\t\t<div class=\"elementor-element elementor-element-6384397 elementor-widget elementor-widget-image\" data-id=\"6384397\" data-element_type=\"widget\" data-e-type=\"widget\" data-widget_type=\"image.default\">\n\t\t\t\t<div class=\"elementor-widget-container\">\n\t\t\t\t\t\t\t\t\t\t\t\t\t\t\t\t<a href=\"https:\/\/fyxxi.be\/\">\n\t\t\t\t\t\t\t<img loading=\"lazy\" decoding=\"async\" width=\"800\" height=\"561\" src=\"https:\/\/supernils.be\/wp-content\/uploads\/2024\/09\/OK-001-94995656_226602471739550_1342449725825825168_n-1054x739.jpg\" class=\"attachment-large size-large wp-image-15724\" alt=\"\" srcset=\"https:\/\/supernils.be\/wp-content\/uploads\/2024\/09\/OK-001-94995656_226602471739550_1342449725825825168_n-1054x739.jpg 1054w, https:\/\/supernils.be\/wp-content\/uploads\/2024\/09\/OK-001-94995656_226602471739550_1342449725825825168_n-300x210.jpg 300w, https:\/\/supernils.be\/wp-content\/uploads\/2024\/09\/OK-001-94995656_226602471739550_1342449725825825168_n-768x538.jpg 768w, https:\/\/supernils.be\/wp-content\/uploads\/2024\/09\/OK-001-94995656_226602471739550_1342449725825825168_n-18x12.jpg 18w, https:\/\/supernils.be\/wp-content\/uploads\/2024\/09\/OK-001-94995656_226602471739550_1342449725825825168_n-299x210.jpg 299w, https:\/\/supernils.be\/wp-content\/uploads\/2024\/09\/OK-001-94995656_226602471739550_1342449725825825168_n-572x401.jpg 572w, https:\/\/supernils.be\/wp-content\/uploads\/2024\/09\/OK-001-94995656_226602471739550_1342449725825825168_n.jpg 1080w\" sizes=\"(max-width: 800px) 100vw, 800px\" \/>\t\t\t\t\t\t\t\t<\/a>\n\t\t\t\t\t\t\t\t\t\t\t\t\t\t\t<\/div>\n\t\t\t\t<\/div>\n\t\t<div class=\"elementor-element elementor-element-211f7c4 e-flex e-con-boxed e-con e-child\" data-id=\"211f7c4\" data-element_type=\"container\" data-e-type=\"container\">\n\t\t\t\t\t<div class=\"e-con-inner\">\n\t\t\t\t<div class=\"elementor-element elementor-element-104df98 elementor-widget elementor-widget-heading\" data-id=\"104df98\" data-element_type=\"widget\" data-e-type=\"widget\" data-widget_type=\"heading.default\">\n\t\t\t\t<div class=\"elementor-widget-container\">\n\t\t\t\t\t<h2 class=\"elementor-heading-title elementor-size-default\">Fyxxilab Gand<\/h2>\t\t\t\t<\/div>\n\t\t\t\t<\/div>\n\t\t\t\t<div class=\"elementor-element elementor-element-50c0390 elementor-widget elementor-widget-text-editor\" data-id=\"50c0390\" data-element_type=\"widget\" data-e-type=\"widget\" data-widget_type=\"text-editor.default\">\n\t\t\t\t<div class=\"elementor-widget-container\">\n\t\t\t\t\t\t\t\t\t<p>Le Fyxxilab est le premier makerspace innovant en Flandre. \u00c0 Gand et sur place, les enfants, les jeunes et les adultes de 5 \u00e0 99 ans peuvent s'essayer \u00e0 toutes sortes d'outils STEAM innovants. En collaboration avec SuperNils, ils ont cr\u00e9\u00e9 le \u201c<strong>mallettes techniques<\/strong>\u201d, regorgeant de mat\u00e9riel STEAM amusant, passionnant et innovant. Id\u00e9ales pour se changer les id\u00e9es pendant un long s\u00e9jour \u00e0 l'h\u00f4pital, elles sont \u00e9galement tr\u00e8s instructives. Finie l'ennui, oubliez vos soucis et mettez-vous au travail avec du mat\u00e9riel formidable qui vous permettra d'enrichir vos connaissances. Les valises sont disponibles dans les services d'oncologie p\u00e9diatrique de trois de nos h\u00f4pitaux partenaires (UZ Gent, UZA et UZ Leuven).<\/p>\t\t\t\t\t\t\t\t<\/div>\n\t\t\t\t<\/div>\n\t\t\t\t\t<\/div>\n\t\t\t\t<\/div>\n\t\t\t\t<div class=\"elementor-element elementor-element-09a36df elementor-widget elementor-widget-image\" data-id=\"09a36df\" data-element_type=\"widget\" data-e-type=\"widget\" data-widget_type=\"image.default\">\n\t\t\t\t<div class=\"elementor-widget-container\">\n\t\t\t\t\t\t\t\t\t\t\t\t\t\t\t<img loading=\"lazy\" decoding=\"async\" width=\"800\" height=\"600\" src=\"https:\/\/supernils.be\/wp-content\/uploads\/2024\/09\/OK-001-SuperNils-Gent-letters-207FCF5E-46F6-4EEB-966D-D7A50373F72A_1_105_c-1.jpg\" class=\"attachment-large size-large wp-image-15948\" alt=\"\" srcset=\"https:\/\/supernils.be\/wp-content\/uploads\/2024\/09\/OK-001-SuperNils-Gent-letters-207FCF5E-46F6-4EEB-966D-D7A50373F72A_1_105_c-1.jpg 1024w, https:\/\/supernils.be\/wp-content\/uploads\/2024\/09\/OK-001-SuperNils-Gent-letters-207FCF5E-46F6-4EEB-966D-D7A50373F72A_1_105_c-1-300x225.jpg 300w, https:\/\/supernils.be\/wp-content\/uploads\/2024\/09\/OK-001-SuperNils-Gent-letters-207FCF5E-46F6-4EEB-966D-D7A50373F72A_1_105_c-1-768x576.jpg 768w, https:\/\/supernils.be\/wp-content\/uploads\/2024\/09\/OK-001-SuperNils-Gent-letters-207FCF5E-46F6-4EEB-966D-D7A50373F72A_1_105_c-1-16x12.jpg 16w, https:\/\/supernils.be\/wp-content\/uploads\/2024\/09\/OK-001-SuperNils-Gent-letters-207FCF5E-46F6-4EEB-966D-D7A50373F72A_1_105_c-1-299x224.jpg 299w, https:\/\/supernils.be\/wp-content\/uploads\/2024\/09\/OK-001-SuperNils-Gent-letters-207FCF5E-46F6-4EEB-966D-D7A50373F72A_1_105_c-1-572x429.jpg 572w\" sizes=\"(max-width: 800px) 100vw, 800px\" \/>\t\t\t\t\t\t\t\t\t\t\t\t\t\t\t<\/div>\n\t\t\t\t<\/div>\n\t\t<div class=\"elementor-element elementor-element-7bfd713 e-flex e-con-boxed e-con e-child\" data-id=\"7bfd713\" data-element_type=\"container\" data-e-type=\"container\">\n\t\t\t\t\t<div class=\"e-con-inner\">\n\t\t\t\t<div class=\"elementor-element elementor-element-1149fe0 elementor-widget elementor-widget-heading\" data-id=\"1149fe0\" data-element_type=\"widget\" data-e-type=\"widget\" data-widget_type=\"heading.default\">\n\t\t\t\t<div class=\"elementor-widget-container\">\n\t\t\t\t\t<h2 class=\"elementor-heading-title elementor-size-default\">Les h\u00f4pitaux partenaires<\/h2>\t\t\t\t<\/div>\n\t\t\t\t<\/div>\n\t\t\t\t<div class=\"elementor-element elementor-element-f99ee64 elementor-widget elementor-widget-text-editor\" data-id=\"f99ee64\" data-element_type=\"widget\" data-e-type=\"widget\" data-widget_type=\"text-editor.default\">\n\t\t\t\t<div class=\"elementor-widget-container\">\n\t\t\t\t\t\t\t\t\t<p>En plus d'\u00eatre notre public cible, ils sont aussi des partenaires actifs dans l'\u00e9laboration de nos projets et de nos kits interactifs. Par exemple, les kin\u00e9sith\u00e9rapeutes nous ont apport\u00e9 leur soutien technique, pratique et en mati\u00e8re de contenu pour le d\u00e9veloppement du <b>boxe de mouvement<\/b>, une valise remplie de mat\u00e9riel que le patient peut utiliser dans sa chambre d'h\u00f4pital. La contribution de ces employ\u00e9s hospitaliers est extr\u00eamement importante. Elle nous permet de proposer le mat\u00e9riel ad\u00e9quat et d'\u00e9viter toute erreur dans nos fiches d'accompagnement et nos vid\u00e9os. Nous pr\u00e9servons ainsi la qualit\u00e9 de notre offre !<\/p>\t\t\t\t\t\t\t\t<\/div>\n\t\t\t\t<\/div>\n\t\t\t\t\t<\/div>\n\t\t\t\t<\/div>\n\t\t\t\t<div class=\"elementor-element elementor-element-53275fd elementor-widget elementor-widget-image\" data-id=\"53275fd\" data-element_type=\"widget\" data-e-type=\"widget\" data-widget_type=\"image.default\">\n\t\t\t\t<div class=\"elementor-widget-container\">\n\t\t\t\t\t\t\t\t\t\t\t\t\t\t\t\t<a href=\"https:\/\/bhs.be\/\">\n\t\t\t\t\t\t\t<img loading=\"lazy\" decoding=\"async\" width=\"800\" height=\"671\" src=\"https:\/\/supernils.be\/wp-content\/uploads\/2025\/09\/BHS.png\" class=\"attachment-large size-large wp-image-21662\" alt=\"\" srcset=\"https:\/\/supernils.be\/wp-content\/uploads\/2025\/09\/BHS.png 940w, https:\/\/supernils.be\/wp-content\/uploads\/2025\/09\/BHS-300x251.png 300w, https:\/\/supernils.be\/wp-content\/uploads\/2025\/09\/BHS-768x644.png 768w, https:\/\/supernils.be\/wp-content\/uploads\/2025\/09\/BHS-14x12.png 14w, https:\/\/supernils.be\/wp-content\/uploads\/2025\/09\/BHS-299x251.png 299w, https:\/\/supernils.be\/wp-content\/uploads\/2025\/09\/BHS-572x480.png 572w\" sizes=\"(max-width: 800px) 100vw, 800px\" \/>\t\t\t\t\t\t\t\t<\/a>\n\t\t\t\t\t\t\t\t\t\t\t\t\t\t\t<\/div>\n\t\t\t\t<\/div>\n\t\t<div class=\"elementor-element elementor-element-e0e6086 e-flex e-con-boxed e-con e-child\" data-id=\"e0e6086\" data-element_type=\"container\" data-e-type=\"container\">\n\t\t\t\t\t<div class=\"e-con-inner\">\n\t\t\t\t<div class=\"elementor-element elementor-element-79f3cbd elementor-widget elementor-widget-heading\" data-id=\"79f3cbd\" data-element_type=\"widget\" data-e-type=\"widget\" data-widget_type=\"heading.default\">\n\t\t\t\t<div class=\"elementor-widget-container\">\n\t\t\t\t\t<h2 class=\"elementor-heading-title elementor-size-default\">Soci\u00e9t\u00e9 belge d'h\u00e9matologie<\/h2>\t\t\t\t<\/div>\n\t\t\t\t<\/div>\n\t\t\t\t<div class=\"elementor-element elementor-element-53ffc32 elementor-widget elementor-widget-text-editor\" data-id=\"53ffc32\" data-element_type=\"widget\" data-e-type=\"widget\" data-widget_type=\"text-editor.default\">\n\t\t\t\t<div class=\"elementor-widget-container\">\n\t\t\t\t\t\t\t\t\t<p>La Soci\u00e9t\u00e9 belge d'h\u00e9matologie est une association scientifique qui compte plus de 500 membres : internistes, biologistes, infirmiers, autres scientifiques et associations de patients ayant un int\u00e9r\u00eat particulier pour le domaine de l'h\u00e9matologie. Elle s'occupe notamment d'\u00e9tablir les relations n\u00e9cessaires pour repr\u00e9senter l'h\u00e9matologie belge aupr\u00e8s des entreprises et services publics ou priv\u00e9s, nationaux ou internationaux, impliqu\u00e9s dans la pratique clinique, l'enseignement ou la recherche en h\u00e9matologie. L'asbl SuperNils est membre du comit\u00e9 des patients de la BHS. Nous y collaborons avec les autres associations de patients et recevons \u00e9norm\u00e9ment d'informations. <b>informations utiles<\/b> (notamment des \u00e9tudes cliniques) que nous pouvons partager sur notre site web. La collaboration est \u00e9galement importante pour <b>notori\u00e9t\u00e9<\/b> et <b>visibilit\u00e9<\/b> aupr\u00e8s du groupe cible.<\/p>\t\t\t\t\t\t\t\t<\/div>\n\t\t\t\t<\/div>\n\t\t\t\t\t<\/div>\n\t\t\t\t<\/div>\n\t\t\t\t<div class=\"elementor-element elementor-element-67e94da elementor-widget elementor-widget-image\" data-id=\"67e94da\" data-element_type=\"widget\" data-e-type=\"widget\" data-widget_type=\"image.default\">\n\t\t\t\t<div class=\"elementor-widget-container\">\n\t\t\t\t\t\t\t\t\t\t\t\t\t\t\t\t<a href=\"https:\/\/www.lymfklierkanker.be\/nl\/home\">\n\t\t\t\t\t\t\t<img loading=\"lazy\" decoding=\"async\" width=\"800\" height=\"800\" src=\"https:\/\/supernils.be\/wp-content\/uploads\/2024\/09\/OK-001-logo-lvv-1054x1054.jpg\" class=\"attachment-large size-large wp-image-15633\" alt=\"\" srcset=\"https:\/\/supernils.be\/wp-content\/uploads\/2024\/09\/OK-001-logo-lvv-1054x1054.jpg 1054w, https:\/\/supernils.be\/wp-content\/uploads\/2024\/09\/OK-001-logo-lvv-300x300.jpg 300w, https:\/\/supernils.be\/wp-content\/uploads\/2024\/09\/OK-001-logo-lvv-150x150.jpg 150w, https:\/\/supernils.be\/wp-content\/uploads\/2024\/09\/OK-001-logo-lvv-768x768.jpg 768w, https:\/\/supernils.be\/wp-content\/uploads\/2024\/09\/OK-001-logo-lvv-12x12.jpg 12w, https:\/\/supernils.be\/wp-content\/uploads\/2024\/09\/OK-001-logo-lvv-299x299.jpg 299w, https:\/\/supernils.be\/wp-content\/uploads\/2024\/09\/OK-001-logo-lvv-572x572.jpg 572w, https:\/\/supernils.be\/wp-content\/uploads\/2024\/09\/OK-001-logo-lvv-100x100.jpg 100w, https:\/\/supernils.be\/wp-content\/uploads\/2024\/09\/OK-001-logo-lvv.jpg 1250w\" sizes=\"(max-width: 800px) 100vw, 800px\" \/>\t\t\t\t\t\t\t\t<\/a>\n\t\t\t\t\t\t\t\t\t\t\t\t\t\t\t<\/div>\n\t\t\t\t<\/div>\n\t\t<div class=\"elementor-element elementor-element-b90249a e-flex e-con-boxed e-con e-child\" data-id=\"b90249a\" data-element_type=\"container\" data-e-type=\"container\">\n\t\t\t\t\t<div class=\"e-con-inner\">\n\t\t\t\t<div class=\"elementor-element elementor-element-e6852ef elementor-widget elementor-widget-heading\" data-id=\"e6852ef\" data-element_type=\"widget\" data-e-type=\"widget\" data-widget_type=\"heading.default\">\n\t\t\t\t<div class=\"elementor-widget-container\">\n\t\t\t\t\t<h2 class=\"elementor-heading-title elementor-size-default\">LVV asbl<\/h2>\t\t\t\t<\/div>\n\t\t\t\t<\/div>\n\t\t\t\t<div class=\"elementor-element elementor-element-05626c2 elementor-widget elementor-widget-text-editor\" data-id=\"05626c2\" data-element_type=\"widget\" data-e-type=\"widget\" data-widget_type=\"text-editor.default\">\n\t\t\t\t<div class=\"elementor-widget-container\">\n\t\t\t\t\t\t\t\t\t<p>L'association Lymfklierkanker Vereniging Vlaanderen vzw (abr\u00e9g\u00e9e : LVV) est une organisation de patients fond\u00e9e par et pour les patients (anciens) atteints d'un cancer des ganglions lymphatiques. La LVV est active dans toute la Flandre et s'adresse aux jeunes et aux moins jeunes. LVV peut donc faire appel \u00e0 des b\u00e9n\u00e9voles qui ont eux-m\u00eames souffert de cette maladie ou qui l'ont v\u00e9cue de pr\u00e8s. LVV n'emploie aucun personnel et est donc enti\u00e8rement soutenue par des b\u00e9n\u00e9voles qui s'investissent corps et \u00e2me pour tous leurs compagnons d'infortune.<\/p><p>Cette organisation a \u00e9t\u00e9 extr\u00eamement importante pour l'asbl SuperNils, car gr\u00e2ce \u00e0 elle, <b>aide financi\u00e8re suppl\u00e9mentaire<\/b> ont permis d'\u00e9tendre nos activit\u00e9s de 3 \u00e0 6 h\u00f4pitaux. C'est ainsi que l'UZ Leuven, l'AZ Delta Roeselare et l'AZ Jessa Hasselt ont rejoint notre portefeuille.<\/p>\t\t\t\t\t\t\t\t<\/div>\n\t\t\t\t<\/div>\n\t\t\t\t\t<\/div>\n\t\t\t\t<\/div>\n\t\t\t\t<div class=\"elementor-element elementor-element-ba6f891 elementor-widget elementor-widget-image\" data-id=\"ba6f891\" data-element_type=\"widget\" data-e-type=\"widget\" data-widget_type=\"image.default\">\n\t\t\t\t<div class=\"elementor-widget-container\">\n\t\t\t\t\t\t\t\t\t\t\t\t\t\t\t\t<a href=\"https:\/\/www.casacallenta.be\/\">\n\t\t\t\t\t\t\t<img loading=\"lazy\" decoding=\"async\" width=\"704\" height=\"614\" src=\"https:\/\/supernils.be\/wp-content\/uploads\/2025\/12\/Scherm\u00adafbeelding-2025-12-29-om-16.53.30-1.png\" class=\"attachment-medium_large size-medium_large wp-image-25192\" alt=\"\" srcset=\"https:\/\/supernils.be\/wp-content\/uploads\/2025\/12\/Scherm\u00adafbeelding-2025-12-29-om-16.53.30-1.png 704w, https:\/\/supernils.be\/wp-content\/uploads\/2025\/12\/Scherm\u00adafbeelding-2025-12-29-om-16.53.30-1-300x262.png 300w, https:\/\/supernils.be\/wp-content\/uploads\/2025\/12\/Scherm\u00adafbeelding-2025-12-29-om-16.53.30-1-14x12.png 14w, https:\/\/supernils.be\/wp-content\/uploads\/2025\/12\/Scherm\u00adafbeelding-2025-12-29-om-16.53.30-1-299x261.png 299w, https:\/\/supernils.be\/wp-content\/uploads\/2025\/12\/Scherm\u00adafbeelding-2025-12-29-om-16.53.30-1-572x499.png 572w\" sizes=\"(max-width: 704px) 100vw, 704px\" \/>\t\t\t\t\t\t\t\t<\/a>\n\t\t\t\t\t\t\t\t\t\t\t\t\t\t\t<\/div>\n\t\t\t\t<\/div>\n\t\t<div class=\"elementor-element elementor-element-5b94be4 e-flex e-con-boxed e-con e-child\" data-id=\"5b94be4\" data-element_type=\"container\" data-e-type=\"container\">\n\t\t\t\t\t<div class=\"e-con-inner\">\n\t\t\t\t<div class=\"elementor-element elementor-element-c70e321 elementor-widget elementor-widget-heading\" data-id=\"c70e321\" data-element_type=\"widget\" data-e-type=\"widget\" data-widget_type=\"heading.default\">\n\t\t\t\t<div class=\"elementor-widget-container\">\n\t\t\t\t\t<h2 class=\"elementor-heading-title elementor-size-default\">Casa Callenta<\/h2>\t\t\t\t<\/div>\n\t\t\t\t<\/div>\n\t\t\t\t<div class=\"elementor-element elementor-element-fe6f783 elementor-widget elementor-widget-text-editor\" data-id=\"fe6f783\" data-element_type=\"widget\" data-e-type=\"widget\" data-widget_type=\"text-editor.default\">\n\t\t\t\t<div class=\"elementor-widget-container\">\n\t\t\t\t\t\t\t\t\t<p>Lorsque vous recevez un diagnostic de cancer, le monde s'arr\u00eate un instant. Puis viennent les questions : quel sera mon traitement, quelles sont mes perspectives ? Vais-je survivre ? Vous vous remettez en toute confiance entre les mains de vos m\u00e9decins, car vous savez que la m\u00e9decine a d\u00e9j\u00e0 fait beaucoup de progr\u00e8s. Cela vous rassure. Jusqu'\u00e0 ce que vous d\u00e9couvriez que le cancer est plus qu'un dossier m\u00e9dical et que vous r\u00e9alisiez que vous avez \u00e9galement besoin d'aide d'autres mani\u00e8res. Dans ce cas, vous pouvez vous adresser \u00e0 Casa Callenta. Cette association est active dans et pour le nord d'Anvers et organise chaque semaine des moments de rencontre avec une offre formative, informative et relaxante. Elle propose \u00e9galement des week-ends (en famille) pour les jeunes atteints d'un cancer.<\/p><p>En collaboration avec l'asbl SuperNils, Casa Callenta s'engage \u00e0 d\u00e9velopper un <strong>application web pour les AYA<\/strong> (Nilspire Me) atteint d'un cancer. En unissant nos forces, nous pouvons \u00e9largir cette application et nous aider mutuellement \u00e0 la faire adopter par le groupe cible.<\/p>\t\t\t\t\t\t\t\t<\/div>\n\t\t\t\t<\/div>\n\t\t\t\t\t<\/div>\n\t\t\t\t<\/div>\n\t\t\t\t<div class=\"elementor-element elementor-element-9734fb4 elementor-widget elementor-widget-image\" data-id=\"9734fb4\" data-element_type=\"widget\" data-e-type=\"widget\" data-widget_type=\"image.default\">\n\t\t\t\t<div class=\"elementor-widget-container\">\n\t\t\t\t\t\t\t\t\t\t\t\t\t\t\t\t<a href=\"https:\/\/www.sneeuwsportvlaanderen.be\/\">\n\t\t\t\t\t\t\t<img loading=\"lazy\" decoding=\"async\" width=\"450\" height=\"105\" src=\"https:\/\/supernils.be\/wp-content\/uploads\/2024\/09\/OK-001-unnamed.png\" class=\"attachment-large size-large wp-image-16253\" alt=\"\" srcset=\"https:\/\/supernils.be\/wp-content\/uploads\/2024\/09\/OK-001-unnamed.png 450w, https:\/\/supernils.be\/wp-content\/uploads\/2024\/09\/OK-001-unnamed-300x70.png 300w, https:\/\/supernils.be\/wp-content\/uploads\/2024\/09\/OK-001-unnamed-18x4.png 18w, https:\/\/supernils.be\/wp-content\/uploads\/2024\/09\/OK-001-unnamed-299x70.png 299w\" sizes=\"(max-width: 450px) 100vw, 450px\" \/>\t\t\t\t\t\t\t\t<\/a>\n\t\t\t\t\t\t\t\t\t\t\t\t\t\t\t<\/div>\n\t\t\t\t<\/div>\n\t\t<div class=\"elementor-element elementor-element-acd634f e-flex e-con-boxed e-con e-child\" data-id=\"acd634f\" data-element_type=\"container\" data-e-type=\"container\">\n\t\t\t\t\t<div class=\"e-con-inner\">\n\t\t\t\t<div class=\"elementor-element elementor-element-4ccaeea elementor-widget elementor-widget-heading\" data-id=\"4ccaeea\" data-element_type=\"widget\" data-e-type=\"widget\" data-widget_type=\"heading.default\">\n\t\t\t\t<div class=\"elementor-widget-container\">\n\t\t\t\t\t<h2 class=\"elementor-heading-title elementor-size-default\">Sports de neige en Flandre<\/h2>\t\t\t\t<\/div>\n\t\t\t\t<\/div>\n\t\t\t\t<div class=\"elementor-element elementor-element-2343ba2 elementor-widget elementor-widget-text-editor\" data-id=\"2343ba2\" data-element_type=\"widget\" data-e-type=\"widget\" data-widget_type=\"text-editor.default\">\n\t\t\t\t<div class=\"elementor-widget-container\">\n\t\t\t\t\t\t\t\t\t<p>Sneeuwsport Vlaanderen est la seule f\u00e9d\u00e9ration de ski et de snowboard reconnue en Flandre. Reconnue et subventionn\u00e9e par Sport Vlaanderen, elle se consacre \u00e0 la comp\u00e9tition, aux loisirs et \u00e0 la formation.<\/p><p>Sneeuwsport Vlaanderen est le point de contact privil\u00e9gi\u00e9 des amateurs de sports d'hiver flamands, la r\u00e9f\u00e9rence pour tous ceux qui souhaitent obtenir des informations et\/ou faire appel \u00e0 leur expertise.<\/p><p>Sneeuwsport Vlaanderen souhaite \u00e9galement accompagner les jeunes patients atteints d'un cancer. Gr\u00e2ce \u00e0 l'asbl SuperNils, ils peuvent faire conna\u00eetre leurs activit\u00e9s et <b>communiquer les propositions au groupe cible appropri\u00e9.<\/b> SuperNils soutient cette initiative via son site web et des d\u00e9pliants dans le magnifique dossier \u201c Wings of Hope \u201d.\u00a0<\/p>\t\t\t\t\t\t\t\t<\/div>\n\t\t\t\t<\/div>\n\t\t\t\t\t<\/div>\n\t\t\t\t<\/div>\n\t\t\t\t<div class=\"elementor-element elementor-element-1416ae2 elementor-widget elementor-widget-image\" data-id=\"1416ae2\" data-element_type=\"widget\" data-e-type=\"widget\" data-widget_type=\"image.default\">\n\t\t\t\t<div class=\"elementor-widget-container\">\n\t\t\t\t\t\t\t\t\t\t\t\t\t\t\t\t<a href=\"https:\/\/www.ugent.be\/schenken\/nl\/hoe-steunen\/steun-een-fonds\/fonds-supernils.htm\">\n\t\t\t\t\t\t\t<img loading=\"lazy\" decoding=\"async\" width=\"800\" height=\"671\" src=\"https:\/\/supernils.be\/wp-content\/uploads\/2024\/09\/universiteit-gent-1.png\" class=\"attachment-large size-large wp-image-14850\" alt=\"\" srcset=\"https:\/\/supernils.be\/wp-content\/uploads\/2024\/09\/universiteit-gent-1.png 940w, https:\/\/supernils.be\/wp-content\/uploads\/2024\/09\/universiteit-gent-1-300x251.png 300w, https:\/\/supernils.be\/wp-content\/uploads\/2024\/09\/universiteit-gent-1-768x644.png 768w, https:\/\/supernils.be\/wp-content\/uploads\/2024\/09\/universiteit-gent-1-14x12.png 14w, https:\/\/supernils.be\/wp-content\/uploads\/2024\/09\/universiteit-gent-1-299x251.png 299w, https:\/\/supernils.be\/wp-content\/uploads\/2024\/09\/universiteit-gent-1-572x480.png 572w\" sizes=\"(max-width: 800px) 100vw, 800px\" \/>\t\t\t\t\t\t\t\t<\/a>\n\t\t\t\t\t\t\t\t\t\t\t\t\t\t\t<\/div>\n\t\t\t\t<\/div>\n\t\t<div class=\"elementor-element elementor-element-26929d5 e-flex e-con-boxed e-con e-child\" data-id=\"26929d5\" data-element_type=\"container\" data-e-type=\"container\">\n\t\t\t\t\t<div class=\"e-con-inner\">\n\t\t\t\t<div class=\"elementor-element elementor-element-223559e elementor-widget elementor-widget-heading\" data-id=\"223559e\" data-element_type=\"widget\" data-e-type=\"widget\" data-widget_type=\"heading.default\">\n\t\t\t\t<div class=\"elementor-widget-container\">\n\t\t\t\t\t<h2 class=\"elementor-heading-title elementor-size-default\">Universit\u00e9 de Gand<\/h2>\t\t\t\t<\/div>\n\t\t\t\t<\/div>\n\t\t\t\t<div class=\"elementor-element elementor-element-f8d4100 elementor-widget elementor-widget-text-editor\" data-id=\"f8d4100\" data-element_type=\"widget\" data-e-type=\"widget\" data-widget_type=\"text-editor.default\">\n\t\t\t\t<div class=\"elementor-widget-container\">\n\t\t\t\t\t\t\t\t\t<p>Nous sommes extr\u00eamement fiers de compter l'universit\u00e9 de Gand parmi nos partenaires. Elle contribue \u00e0 la r\u00e9alisation de notre deuxi\u00e8me objectif, \u00e0 savoir <strong>soutenir la recherche scientifique sur la leuc\u00e9mie<\/strong>. \u00c0 cette fin, l'asbl SuperNils dispose d'un fonds pour le financement de la recherche \u00e0 l'universit\u00e9 de Gand.<\/p><p>Ce fonds permet de verser des dons afin de soutenir la recherche scientifique sur la leuc\u00e9mie, les recherches importantes sur l'immunoth\u00e9rapie et enfin les recherches sur l'impact de l'information des patients, de leurs proches et des prestataires de soins sur la leuc\u00e9mie et l'immunoth\u00e9rapie.<\/p><p>Les dons \u00e0 partir de 40 euros sont d\u00e9ductibles fiscalement.<\/p><p>Cliquez sur la photo \u00e0 gauche et rendez-vous sur la page du <strong>fonds SuperNils<\/strong>. Vous y trouverez toutes les informations n\u00e9cessaires sur les modalit\u00e9s de paiement. N'h\u00e9sitez pas \u00e0 le faire.<\/p>\t\t\t\t\t\t\t\t<\/div>\n\t\t\t\t<\/div>\n\t\t\t\t\t<\/div>\n\t\t\t\t<\/div>\n\t\t\t\t<div class=\"elementor-element elementor-element-755ddc0 elementor-widget elementor-widget-image\" data-id=\"755ddc0\" data-element_type=\"widget\" data-e-type=\"widget\" data-widget_type=\"image.default\">\n\t\t\t\t<div class=\"elementor-widget-container\">\n\t\t\t\t\t\t\t\t\t\t\t\t\t\t\t\t<a href=\"https:\/\/www.uza.be\/uza-foundation\/fondsen\/fonds-supernils\">\n\t\t\t\t\t\t\t<img loading=\"lazy\" decoding=\"async\" width=\"500\" height=\"500\" src=\"https:\/\/supernils.be\/wp-content\/uploads\/2025\/12\/UZA-Foundation.png\" class=\"attachment-large size-large wp-image-25162\" alt=\"\" srcset=\"https:\/\/supernils.be\/wp-content\/uploads\/2025\/12\/UZA-Foundation.png 500w, https:\/\/supernils.be\/wp-content\/uploads\/2025\/12\/UZA-Foundation-300x300.png 300w, https:\/\/supernils.be\/wp-content\/uploads\/2025\/12\/UZA-Foundation-150x150.png 150w, https:\/\/supernils.be\/wp-content\/uploads\/2025\/12\/UZA-Foundation-12x12.png 12w, https:\/\/supernils.be\/wp-content\/uploads\/2025\/12\/UZA-Foundation-299x299.png 299w, https:\/\/supernils.be\/wp-content\/uploads\/2025\/12\/UZA-Foundation-100x100.png 100w\" sizes=\"(max-width: 500px) 100vw, 500px\" \/>\t\t\t\t\t\t\t\t<\/a>\n\t\t\t\t\t\t\t\t\t\t\t\t\t\t\t<\/div>\n\t\t\t\t<\/div>\n\t\t<div class=\"elementor-element elementor-element-6786348 e-flex e-con-boxed e-con e-child\" data-id=\"6786348\" data-element_type=\"container\" data-e-type=\"container\">\n\t\t\t\t\t<div class=\"e-con-inner\">\n\t\t\t\t<div class=\"elementor-element elementor-element-636355c elementor-widget elementor-widget-heading\" data-id=\"636355c\" data-element_type=\"widget\" data-e-type=\"widget\" data-widget_type=\"heading.default\">\n\t\t\t\t<div class=\"elementor-widget-container\">\n\t\t\t\t\t<h2 class=\"elementor-heading-title elementor-size-default\">Fondation UZA<\/h2>\t\t\t\t<\/div>\n\t\t\t\t<\/div>\n\t\t\t\t<div class=\"elementor-element elementor-element-220f721 elementor-widget elementor-widget-text-editor\" data-id=\"220f721\" data-element_type=\"widget\" data-e-type=\"widget\" data-widget_type=\"text-editor.default\">\n\t\t\t\t<div class=\"elementor-widget-container\">\n\t\t\t\t\t\t\t\t\t<p>Les enfants atteints d'une maladie incurable. Les patients atteints d'un cancer pour lesquels le traitement ne fonctionne pas ou chez qui le cancer revient sans cesse. Les personnes atteintes d'une maladie rare, qui esp\u00e8rent non seulement obtenir un diagnostic correct, mais aussi b\u00e9n\u00e9ficier d'un traitement efficace.<\/p><p>La fondation UZA soutient les chercheurs qui peuvent faire la diff\u00e9rence dans ce domaine en d\u00e9veloppant de nouveaux traitements ou en am\u00e9liorant les traitements existants.<\/p><p>L'asbl SuperNils a cr\u00e9\u00e9 un \u201c fonds SuperNils \u201d aupr\u00e8s de la Fondation UZA afin de soutenir le <strong>recherche sur la leuc\u00e9mie<\/strong> soutenir et affiner.<\/p><p>Vous pouvez donc \u00e9galement jouer un r\u00f4le \u00e0 cet \u00e9gard. Effectuez un d\u00e9p\u00f4t  sur ce <strong>fonds SuperNils<\/strong> \u00e0 la Fondation UZA et vous contribuerez \u00e0 faire avancer la science. Cliquez sur la photo \u00e0 gauche et rendez-vous sur le site web correspondant.<\/p><p>Les dons \u00e0 partir de 40 euros sont en outre d\u00e9ductibles fiscalement.<\/p>\t\t\t\t\t\t\t\t<\/div>\n\t\t\t\t<\/div>\n\t\t\t\t\t<\/div>\n\t\t\t\t<\/div>\n\t\t\t\t<div class=\"elementor-element elementor-element-4182de8 elementor-widget elementor-widget-image\" data-id=\"4182de8\" data-element_type=\"widget\" data-e-type=\"widget\" data-widget_type=\"image.default\">\n\t\t\t\t<div class=\"elementor-widget-container\">\n\t\t\t\t\t\t\t\t\t\t\t\t\t\t\t\t<a href=\"https:\/\/open.spotify.com\/episode\/1YF6zv3nACimu9X5NLWCWG\">\n\t\t\t\t\t\t\t<img loading=\"lazy\" decoding=\"async\" width=\"800\" height=\"671\" src=\"https:\/\/supernils.be\/wp-content\/uploads\/2024\/12\/podcast-LEA.png\" class=\"attachment-large size-large wp-image-17881\" alt=\"\" srcset=\"https:\/\/supernils.be\/wp-content\/uploads\/2024\/12\/podcast-LEA.png 940w, https:\/\/supernils.be\/wp-content\/uploads\/2024\/12\/podcast-LEA-300x251.png 300w, https:\/\/supernils.be\/wp-content\/uploads\/2024\/12\/podcast-LEA-768x644.png 768w, https:\/\/supernils.be\/wp-content\/uploads\/2024\/12\/podcast-LEA-14x12.png 14w, https:\/\/supernils.be\/wp-content\/uploads\/2024\/12\/podcast-LEA-299x251.png 299w, https:\/\/supernils.be\/wp-content\/uploads\/2024\/12\/podcast-LEA-572x480.png 572w\" sizes=\"(max-width: 800px) 100vw, 800px\" \/>\t\t\t\t\t\t\t\t<\/a>\n\t\t\t\t\t\t\t\t\t\t\t\t\t\t\t<\/div>\n\t\t\t\t<\/div>\n\t\t<div class=\"elementor-element elementor-element-35d028d e-flex e-con-boxed e-con e-child\" data-id=\"35d028d\" data-element_type=\"container\" data-e-type=\"container\">\n\t\t\t\t\t<div class=\"e-con-inner\">\n\t\t\t\t<div class=\"elementor-element elementor-element-2beeefe elementor-widget elementor-widget-heading\" data-id=\"2beeefe\" data-element_type=\"widget\" data-e-type=\"widget\" data-widget_type=\"heading.default\">\n\t\t\t\t<div class=\"elementor-widget-container\">\n\t\t\t\t\t<h2 class=\"elementor-heading-title elementor-size-default\"><a href=\"https:\/\/lea-timetolisten.be\/?lang=nl\">Programme LEA<\/a><\/h2>\t\t\t\t<\/div>\n\t\t\t\t<\/div>\n\t\t\t\t<div class=\"elementor-element elementor-element-e8346aa elementor-widget elementor-widget-text-editor\" data-id=\"e8346aa\" data-element_type=\"widget\" data-e-type=\"widget\" data-widget_type=\"text-editor.default\">\n\t\t\t\t<div class=\"elementor-widget-container\">\n\t\t\t\t\t\t\t\t\t<p>Le programme LEA guide les patients atteints de cancer, leurs aidants informels et les professionnels de la sant\u00e9 dans la recherche d'un \u00e9quilibre face \u00e0 la maladie.<\/p><p>Ils \u00e9coutent les associations qui viennent en aide aux patients atteints de cancer, les m\u00e9decins, les infirmi\u00e8res et les psychologues. Ces personnes ont clairement soulign\u00e9 l'importance d'am\u00e9liorer l'aide psychologique apport\u00e9e aux patients et \u00e0 leurs aidants.<\/p><p>Servier y a travaill\u00e9 d'arrache-pied.  Le laboratoire pharmaceutique a ainsi d\u00e9velopp\u00e9 le programme LEA, qui comprend notamment la r\u00e9alisation d'un podcast.<\/p><p>L'ASBL SuperNils \u00e9tait l'un des nombreux invit\u00e9s du programme. En cliquant sur la photo \u00e0 gauche, vous pouvez voir la <b>podcast<\/b> \u00e9couter dans lequel <b>Robert parle de l'h\u00e9ritage de son fils, Nils<\/b> \u2026 l'inspirateur derri\u00e8re la belle organisation \u201c SuperNils \u201d.<\/p><p>Vous souhaitez en savoir plus sur le programme LEA ? Cliquez sur le titre \u201c Programme LEA \u201d ci-dessus.<\/p>\t\t\t\t\t\t\t\t<\/div>\n\t\t\t\t<\/div>\n\t\t\t\t\t<\/div>\n\t\t\t\t<\/div>\n\t\t\t\t<div class=\"elementor-element elementor-element-2fc3d4c elementor-widget elementor-widget-image\" data-id=\"2fc3d4c\" data-element_type=\"widget\" data-e-type=\"widget\" data-widget_type=\"image.default\">\n\t\t\t\t<div class=\"elementor-widget-container\">\n\t\t\t\t\t\t\t\t\t\t\t\t\t\t\t\t<a href=\"https:\/\/www.komoptegenkanker.be\/wat-we-doen\/voor-patientenrechten-opkomen\/bijzondere-groepen\/aya-movement-komt-op-voor-adolescenten-en-jongvolwassenen-met-kanker\">\n\t\t\t\t\t\t\t<img loading=\"lazy\" decoding=\"async\" width=\"800\" height=\"637\" src=\"https:\/\/supernils.be\/wp-content\/uploads\/2026\/03\/KomOpTegenKanker-SponsorLogo-OffWhite-1054x839.png\" class=\"attachment-large size-large wp-image-26247\" alt=\"\" srcset=\"https:\/\/supernils.be\/wp-content\/uploads\/2026\/03\/KomOpTegenKanker-SponsorLogo-OffWhite-1054x839.png 1054w, https:\/\/supernils.be\/wp-content\/uploads\/2026\/03\/KomOpTegenKanker-SponsorLogo-OffWhite-300x239.png 300w, https:\/\/supernils.be\/wp-content\/uploads\/2026\/03\/KomOpTegenKanker-SponsorLogo-OffWhite-768x612.png 768w, https:\/\/supernils.be\/wp-content\/uploads\/2026\/03\/KomOpTegenKanker-SponsorLogo-OffWhite-15x12.png 15w, https:\/\/supernils.be\/wp-content\/uploads\/2026\/03\/KomOpTegenKanker-SponsorLogo-OffWhite-299x238.png 299w, https:\/\/supernils.be\/wp-content\/uploads\/2026\/03\/KomOpTegenKanker-SponsorLogo-OffWhite-572x455.png 572w, https:\/\/supernils.be\/wp-content\/uploads\/2026\/03\/KomOpTegenKanker-SponsorLogo-OffWhite.png 1306w\" sizes=\"(max-width: 800px) 100vw, 800px\" \/>\t\t\t\t\t\t\t\t<\/a>\n\t\t\t\t\t\t\t\t\t\t\t\t\t\t\t<\/div>\n\t\t\t\t<\/div>\n\t\t<div class=\"elementor-element elementor-element-7be4a03 e-flex e-con-boxed e-con e-child\" data-id=\"7be4a03\" data-element_type=\"container\" data-e-type=\"container\">\n\t\t\t\t\t<div class=\"e-con-inner\">\n\t\t\t\t<div class=\"elementor-element elementor-element-8889117 elementor-widget elementor-widget-heading\" data-id=\"8889117\" data-element_type=\"widget\" data-e-type=\"widget\" data-widget_type=\"heading.default\">\n\t\t\t\t<div class=\"elementor-widget-container\">\n\t\t\t\t\t<h2 class=\"elementor-heading-title elementor-size-default\">Op\u00e9ration AYA KOTK<\/h2>\t\t\t\t<\/div>\n\t\t\t\t<\/div>\n\t\t\t\t<div class=\"elementor-element elementor-element-c045a9a elementor-widget elementor-widget-text-editor\" data-id=\"c045a9a\" data-element_type=\"widget\" data-e-type=\"widget\" data-widget_type=\"text-editor.default\">\n\t\t\t\t<div class=\"elementor-widget-container\">\n\t\t\t\t\t\t\t\t\t<p>Le programme AYA de Kom op tegen Kanker est un partenaire pr\u00e9cieux de l'asbl SuperNils.<\/p><p>Cela nous donne en effet la possibilit\u00e9 de i<strong>\u00e9valuer au pr\u00e9alable les id\u00e9es de nouveaux projets<\/strong> et ainsi utiliser correctement l'argent.<\/p><p><br \/>De plus, le fonctionnement prend certaines <strong>projets pour les vacances<\/strong> (ou les pr\u00e9senter lors des r\u00e9unions), afin qu'ils soient mieux connus des AYA.<\/p><p>En outre, ils peuvent \u00e9galement fournir des commentaires, ce qui nous permet d'ajuster ou d'affiner le projet si n\u00e9cessaire.<\/p>\t\t\t\t\t\t\t\t<\/div>\n\t\t\t\t<\/div>\n\t\t\t\t\t<\/div>\n\t\t\t\t<\/div>\n\t\t\t\t<div class=\"elementor-element elementor-element-927028c elementor-widget elementor-widget-image\" data-id=\"927028c\" data-element_type=\"widget\" data-e-type=\"widget\" data-widget_type=\"image.default\">\n\t\t\t\t<div class=\"elementor-widget-container\">\n\t\t\t\t\t\t\t\t\t\t\t\t\t\t\t\t<a href=\"https:\/\/www.cmpvlaanderen.be\/wie-zijn-wij.html\">\n\t\t\t\t\t\t\t<img loading=\"lazy\" decoding=\"async\" width=\"299\" height=\"116\" src=\"https:\/\/supernils.be\/wp-content\/uploads\/2024\/09\/OK-001-CMP-logo-3-1.png\" class=\"attachment-large size-large wp-image-15815\" alt=\"\" srcset=\"https:\/\/supernils.be\/wp-content\/uploads\/2024\/09\/OK-001-CMP-logo-3-1.png 299w, https:\/\/supernils.be\/wp-content\/uploads\/2024\/09\/OK-001-CMP-logo-3-1-18x7.png 18w\" sizes=\"(max-width: 299px) 100vw, 299px\" \/>\t\t\t\t\t\t\t\t<\/a>\n\t\t\t\t\t\t\t\t\t\t\t\t\t\t\t<\/div>\n\t\t\t\t<\/div>\n\t\t<div class=\"elementor-element elementor-element-88ec950 e-flex e-con-boxed e-con e-child\" data-id=\"88ec950\" data-element_type=\"container\" data-e-type=\"container\">\n\t\t\t\t\t<div class=\"e-con-inner\">\n\t\t\t\t<div class=\"elementor-element elementor-element-fc59fa1 elementor-widget elementor-widget-heading\" data-id=\"fc59fa1\" data-element_type=\"widget\" data-e-type=\"widget\" data-widget_type=\"heading.default\">\n\t\t\t\t<div class=\"elementor-widget-container\">\n\t\t\t\t\t<h2 class=\"elementor-heading-title elementor-size-default\">CMP Flandres<\/h2>\t\t\t\t<\/div>\n\t\t\t\t<\/div>\n\t\t\t\t<div class=\"elementor-element elementor-element-0b3b1c7 elementor-widget elementor-widget-text-editor\" data-id=\"0b3b1c7\" data-element_type=\"widget\" data-e-type=\"widget\" data-widget_type=\"text-editor.default\">\n\t\t\t\t<div class=\"elementor-widget-container\">\n\t\t\t\t\t\t\t\t\t<p>Une association pour les personnes atteintes du my\u00e9lome multiple (maladie de Kahler) et de la maladie de Waldenstr\u00f6m.<\/p><p><br \/>Ces maladies sont deux formes de cancer de la moelle osseuse. Ils sont bien s\u00fbr \u00e9galement l\u00e0 pour leur famille et leurs amis.<\/p><p><br \/>Le m\u00e9lanome multiple est une maladie qui n'est pas tr\u00e8s fr\u00e9quente, mais qui touche tout de m\u00eame environ 500 \u00e0 600 nouveaux patients par an en Belgique.<\/p><p>\u00a0<\/p><p>CMP Flandre a une ASBL <strong>SuperNils<\/strong> propos\u00e9 de venir <strong>discuter du fonctionnement et des forfaits lors de leur symposium annuel en 2026<\/strong>. De cette mani\u00e8re, nous touchons efficacement les patients et nos colis peuvent b\u00e9n\u00e9ficier d'une bien meilleure visibilit\u00e9.<\/p>\t\t\t\t\t\t\t\t<\/div>\n\t\t\t\t<\/div>\n\t\t\t\t\t<\/div>\n\t\t\t\t<\/div>\n\t\t\t\t<div class=\"elementor-element elementor-element-f846826 elementor-widget elementor-widget-image\" data-id=\"f846826\" data-element_type=\"widget\" data-e-type=\"widget\" data-widget_type=\"image.default\">\n\t\t\t\t<div class=\"elementor-widget-container\">\n\t\t\t\t\t\t\t\t\t\t\t\t\t\t\t\t<a href=\"https:\/\/www.venar.be\/home\/\">\n\t\t\t\t\t\t\t<img loading=\"lazy\" decoding=\"async\" width=\"800\" height=\"534\" src=\"https:\/\/supernils.be\/wp-content\/uploads\/2025\/09\/rf_VZW-SuperNils-VR-3-1054x703.jpg\" class=\"attachment-large size-large wp-image-21387\" alt=\"\" srcset=\"https:\/\/supernils.be\/wp-content\/uploads\/2025\/09\/rf_VZW-SuperNils-VR-3-1054x703.jpg 1054w, https:\/\/supernils.be\/wp-content\/uploads\/2025\/09\/rf_VZW-SuperNils-VR-3-300x200.jpg 300w, https:\/\/supernils.be\/wp-content\/uploads\/2025\/09\/rf_VZW-SuperNils-VR-3-768x512.jpg 768w, https:\/\/supernils.be\/wp-content\/uploads\/2025\/09\/rf_VZW-SuperNils-VR-3-18x12.jpg 18w, https:\/\/supernils.be\/wp-content\/uploads\/2025\/09\/rf_VZW-SuperNils-VR-3-299x199.jpg 299w, https:\/\/supernils.be\/wp-content\/uploads\/2025\/09\/rf_VZW-SuperNils-VR-3-572x381.jpg 572w, https:\/\/supernils.be\/wp-content\/uploads\/2025\/09\/rf_VZW-SuperNils-VR-3-272x182.jpg 272w, https:\/\/supernils.be\/wp-content\/uploads\/2025\/09\/rf_VZW-SuperNils-VR-3.jpg 1440w\" sizes=\"(max-width: 800px) 100vw, 800px\" \/>\t\t\t\t\t\t\t\t<\/a>\n\t\t\t\t\t\t\t\t\t\t\t\t\t\t\t<\/div>\n\t\t\t\t<\/div>\n\t\t<div class=\"elementor-element elementor-element-d25f65d e-flex e-con-boxed e-con e-child\" data-id=\"d25f65d\" data-element_type=\"container\" data-e-type=\"container\">\n\t\t\t\t\t<div class=\"e-con-inner\">\n\t\t\t\t<div class=\"elementor-element elementor-element-f7750a7 elementor-widget elementor-widget-heading\" data-id=\"f7750a7\" data-element_type=\"widget\" data-e-type=\"widget\" data-widget_type=\"heading.default\">\n\t\t\t\t<div class=\"elementor-widget-container\">\n\t\t\t\t\t<h2 class=\"elementor-heading-title elementor-size-default\">VENAR<\/h2>\t\t\t\t<\/div>\n\t\t\t\t<\/div>\n\t\t\t\t<div class=\"elementor-element elementor-element-0fb7eab elementor-widget elementor-widget-text-editor\" data-id=\"0fb7eab\" data-element_type=\"widget\" data-e-type=\"widget\" data-widget_type=\"text-editor.default\">\n\t\t\t\t<div class=\"elementor-widget-container\">\n\t\t\t\t\t\t\t\t\t<p><strong>Venar est le pont entre votre vision et une r\u00e9alit\u00e9 virtuelle attrayante.<\/strong><\/p><p>En tant que leader de l'exp\u00e9rience virtuelle, Venar d\u00e9ploie de nouvelles technologies telles que la RV, la RA, les visites \u00e0 360\u00b0 et l'IA pour faire passer votre marque au niveau sup\u00e9rieur. Nous visons un impact durable en mati\u00e8re de communication et commen\u00e7ons toujours par nous poser la question suivante : quelle est la valeur ajout\u00e9e de la r\u00e9alit\u00e9 virtuelle et augment\u00e9e pour votre marque ? Notre promesse est de fournir des solutions technologiques innovantes qui non seulement r\u00e9pondent \u00e0 vos besoins actuels, mais vous pr\u00e9parent \u00e9galement \u00e0 l'avenir.<\/p><p>Venar a r\u00e9alis\u00e9 pour l'asbl SuperNils <b>l'application VR \u201c Le monde d'AYA \u201d<\/b> d\u00e9velopp\u00e9. Le projet a \u00e9t\u00e9 officiellement lanc\u00e9 en septembre 2025 et est depuis lors disponible dans nos h\u00f4pitaux partenaires.<\/p><p>Chaque h\u00f4pital a re\u00e7u un coffret contenant des lunettes VR (avec l'application install\u00e9e) et les accessoires n\u00e9cessaires. Chaque coffret co\u00fbte environ 700 euros. Ces budgets ont \u00e9t\u00e9 sponsoris\u00e9s entre autres par la Fondation contre le Cancer et De Warmste Week.<\/p><p>\u00a0<\/p>\t\t\t\t\t\t\t\t<\/div>\n\t\t\t\t<\/div>\n\t\t\t\t\t<\/div>\n\t\t\t\t<\/div>\n\t\t\t\t<div class=\"elementor-element elementor-element-1e3df3c elementor-widget elementor-widget-image\" data-id=\"1e3df3c\" data-element_type=\"widget\" data-e-type=\"widget\" data-widget_type=\"image.default\">\n\t\t\t\t<div class=\"elementor-widget-container\">\n\t\t\t\t\t\t\t\t\t\t\t\t\t\t\t\t<a href=\"https:\/\/purplepanda.be\/about\/\">\n\t\t\t\t\t\t\t<img loading=\"lazy\" decoding=\"async\" width=\"500\" height=\"500\" src=\"https:\/\/supernils.be\/wp-content\/uploads\/2025\/12\/Purple-Panda.png\" class=\"attachment-large size-large wp-image-25182\" alt=\"\" srcset=\"https:\/\/supernils.be\/wp-content\/uploads\/2025\/12\/Purple-Panda.png 500w, https:\/\/supernils.be\/wp-content\/uploads\/2025\/12\/Purple-Panda-300x300.png 300w, https:\/\/supernils.be\/wp-content\/uploads\/2025\/12\/Purple-Panda-150x150.png 150w, https:\/\/supernils.be\/wp-content\/uploads\/2025\/12\/Purple-Panda-12x12.png 12w, https:\/\/supernils.be\/wp-content\/uploads\/2025\/12\/Purple-Panda-299x299.png 299w, https:\/\/supernils.be\/wp-content\/uploads\/2025\/12\/Purple-Panda-100x100.png 100w\" sizes=\"(max-width: 500px) 100vw, 500px\" \/>\t\t\t\t\t\t\t\t<\/a>\n\t\t\t\t\t\t\t\t\t\t\t\t\t\t\t<\/div>\n\t\t\t\t<\/div>\n\t\t<div class=\"elementor-element elementor-element-a7674e1 e-flex e-con-boxed e-con e-child\" data-id=\"a7674e1\" data-element_type=\"container\" data-e-type=\"container\">\n\t\t\t\t\t<div class=\"e-con-inner\">\n\t\t\t\t<div class=\"elementor-element elementor-element-9591750 elementor-widget elementor-widget-heading\" data-id=\"9591750\" data-element_type=\"widget\" data-e-type=\"widget\" data-widget_type=\"heading.default\">\n\t\t\t\t<div class=\"elementor-widget-container\">\n\t\t\t\t\t<h2 class=\"elementor-heading-title elementor-size-default\">Panda violet<\/h2>\t\t\t\t<\/div>\n\t\t\t\t<\/div>\n\t\t\t\t<div class=\"elementor-element elementor-element-39f4e02 elementor-widget elementor-widget-text-editor\" data-id=\"39f4e02\" data-element_type=\"widget\" data-e-type=\"widget\" data-widget_type=\"text-editor.default\">\n\t\t\t\t<div class=\"elementor-widget-container\">\n\t\t\t\t\t\t\t\t\t<p>Purple Panda est une entreprise bas\u00e9e \u00e0 Anvers, compos\u00e9e d'un groupe de jeunes enthousiastes qui expriment leur cr\u00e9ativit\u00e9 en d\u00e9veloppant diverses applications pour les entreprises. \u00c0 en juger par leur liste de clients, ils n'ont pas peur de voir les choses en grand !<\/p><p>En 2025-2026, Purple Panda vzw pourra ajouter SuperNils \u00e0 sa liste de clients. Ils vont r\u00e9aliser pour nous le <b>application web \u201c Nilspire Me \u201d<\/b> d\u00e9velopper une application pour et par les AYA atteints d'un cancer.<\/p><p>L'application doit simplifier et \u00e9gayer la vie des AYA, malgr\u00e9 leur situation personnelle. Ils pourront ainsi consigner leurs donn\u00e9es dans un journal intime, b\u00e9n\u00e9ficier d'une fonction de chat, d'une page d'informations sur les activit\u00e9s, d'un compagnon IA pour lutter contre la solitude, d'un livre d'amis pour conserver de beaux souvenirs, et bien plus encore.<\/p><p>La jeune \u00e9quipe comprend parfaitement ce que nous voulons r\u00e9aliser et le met en \u0153uvre \u00e0 un rythme soutenu.\u00a0<\/p><p>Tout cela a \u00e9t\u00e9 rendu possible gr\u00e2ce au soutien financier de DWW 2025.<\/p>\t\t\t\t\t\t\t\t<\/div>\n\t\t\t\t<\/div>\n\t\t\t\t\t<\/div>\n\t\t\t\t<\/div>\n\t\t\t\t<\/div>\n\t\t<div class=\"elementor-element elementor-element-223ddf7 e-flex e-con-boxed e-con e-parent\" data-id=\"223ddf7\" data-element_type=\"container\" data-e-type=\"container\">\n\t\t\t\t\t<div class=\"e-con-inner\">\n\t\t\t\t<div class=\"elementor-element elementor-element-e9cb3a4 elementor-widget elementor-widget-spacer\" data-id=\"e9cb3a4\" data-element_type=\"widget\" data-e-type=\"widget\" data-widget_type=\"spacer.default\">\n\t\t\t\t<div class=\"elementor-widget-container\">\n\t\t\t\t\t\t\t<div class=\"elementor-spacer\">\n\t\t\t<div class=\"elementor-spacer-inner\"><\/div>\n\t\t<\/div>\n\t\t\t\t\t\t<\/div>\n\t\t\t\t<\/div>\n\t\t\t\t\t<\/div>\n\t\t\t\t<\/div>\n\t\t\t\t<\/div>","protected":false},"excerpt":{"rendered":"<p>Maak kennis met onze Hero-Builders Alleen is maar alleen &#8230; Zonder een degelijk netwerk sta je nergens. Daarom laat vzw SuperNils zich omringen door sterke en professionele partners, Hero-Builders, die elk een meerwaarde kunnen betekenen voor de werking van de organisatie. Op deze pagina maak je kennis met deze helden. We vertellen kort wat ze [&hellip;]<\/p>\n","protected":false},"author":2,"featured_media":0,"parent":0,"menu_order":0,"comment_status":"closed","ping_status":"closed","template":"","meta":{"_themeisle_gutenberg_block_has_review":false,"footnotes":""},"class_list":["post-25119","page","type-page","status-publish","hentry"],"_links":{"self":[{"href":"https:\/\/supernils.be\/fr\/wp-json\/wp\/v2\/pages\/25119","targetHints":{"allow":["GET"]}}],"collection":[{"href":"https:\/\/supernils.be\/fr\/wp-json\/wp\/v2\/pages"}],"about":[{"href":"https:\/\/supernils.be\/fr\/wp-json\/wp\/v2\/types\/page"}],"author":[{"embeddable":true,"href":"https:\/\/supernils.be\/fr\/wp-json\/wp\/v2\/users\/2"}],"replies":[{"embeddable":true,"href":"https:\/\/supernils.be\/fr\/wp-json\/wp\/v2\/comments?post=25119"}],"version-history":[{"count":79,"href":"https:\/\/supernils.be\/fr\/wp-json\/wp\/v2\/pages\/25119\/revisions"}],"predecessor-version":[{"id":26381,"href":"https:\/\/supernils.be\/fr\/wp-json\/wp\/v2\/pages\/25119\/revisions\/26381"}],"wp:attachment":[{"href":"https:\/\/supernils.be\/fr\/wp-json\/wp\/v2\/media?parent=25119"}],"curies":[{"name":"wp","href":"https:\/\/api.w.org\/{rel}","templated":true}]}}